{"id":4219,"date":"2021-01-15T03:04:22","date_gmt":"2021-01-15T03:04:22","guid":{"rendered":"https:\/\/frageroils.com\/news\/"},"modified":"2023-01-13T16:14:37","modified_gmt":"2023-01-13T16:14:37","slug":"news","status":"publish","type":"page","link":"https:\/\/frageroils.com\/fr\/news\/","title":{"rendered":"Actualit\u00e9s"},"content":{"rendered":"\t\t<div data-elementor-type=\"wp-page\" data-elementor-id=\"4219\" class=\"elementor elementor-4219 elementor-2567\">\n\t\t\t\t\t\t<section class=\"elementor-section elementor-top-section elementor-element elementor-element-dc1d040 elementor-section-boxed elementor-section-height-default elementor-section-height-default\" data-id=\"dc1d040\" data-element_type=\"section\" data-e-type=\"section\">\n\t\t\t\t\t\t<div class=\"elementor-container elementor-column-gap-default\">\n\t\t\t\t\t<div class=\"elementor-column elementor-col-100 elementor-top-column elementor-element elementor-element-6aec6e9\" data-id=\"6aec6e9\" data-element_type=\"column\" data-e-type=\"column\">\n\t\t\t<div class=\"elementor-widget-wrap elementor-element-populated\">\n\t\t\t\t\t\t<div class=\"elementor-element elementor-element-b7995f5 elementor-widget elementor-widget-heading\" data-id=\"b7995f5\" data-element_type=\"widget\" data-e-type=\"widget\" data-widget_type=\"heading.default\">\n\t\t\t\t<div class=\"elementor-widget-container\">\n\t\t\t\t\t<h1 class=\"elementor-heading-title elementor-size-xl\">ACTUALIT\u00c9S<\/h1>\t\t\t\t<\/div>\n\t\t\t\t<\/div>\n\t\t\t\t<div class=\"elementor-element elementor-element-86369d6 elementor-widget-divider--view-line elementor-widget elementor-widget-divider\" data-id=\"86369d6\" data-element_type=\"widget\" data-e-type=\"widget\" data-widget_type=\"divider.default\">\n\t\t\t\t<div class=\"elementor-widget-container\">\n\t\t\t\t\t\t\t<div class=\"elementor-divider\">\n\t\t\t<span class=\"elementor-divider-separator\">\n\t\t\t\t\t\t<\/span>\n\t\t<\/div>\n\t\t\t\t\t\t<\/div>\n\t\t\t\t<\/div>\n\t\t\t\t<div class=\"elementor-element elementor-element-96f3a29 elementor-widget elementor-widget-text-editor\" data-id=\"96f3a29\" data-element_type=\"widget\" data-e-type=\"widget\" data-widget_type=\"text-editor.default\">\n\t\t\t\t<div class=\"elementor-widget-container\">\n\t\t\t\t\t\t\t\t\t<h3 style=\"text-align: left;\"><strong>&#8211; In storm-battered Haiti, the tension is rising, The Charlotte Observer, October 9, 2016\u00a0<\/strong><\/h3><p style=\"margin-bottom: 30px;\">\u201cWhat I see in Les Cayes makes me afraid,\u201d said Pierre Leger, an industrialist whose vetiver processing factory \u2014 vetiver is the plant, growing in abudance in the region, that provides the woodsy fragrance in men\u2019s colognes \u2014 is a major economic pillar in the area, with 27,000 employees. \u201cThe poor are going to get poorer, the misery will soon start to set in,\u201d Leger said. \u201d<br \/><span style=\"color: #99cc00;\"><a style=\"color: #99cc00;\" href=\"http:\/\/www.charlotteobserver.com\/latest-news\/article107088642.html\" target=\"_blank\" rel=\"noopener\">Read more&gt;&gt;&gt;<\/a><\/span><\/p>\t\t\t\t\t\t\t\t<\/div>\n\t\t\t\t<\/div>\n\t\t\t\t<div class=\"elementor-element elementor-element-3ae0743 elementor-widget-divider--view-line elementor-widget elementor-widget-divider\" data-id=\"3ae0743\" data-element_type=\"widget\" data-e-type=\"widget\" data-widget_type=\"divider.default\">\n\t\t\t\t<div class=\"elementor-widget-container\">\n\t\t\t\t\t\t\t<div class=\"elementor-divider\">\n\t\t\t<span class=\"elementor-divider-separator\">\n\t\t\t\t\t\t<\/span>\n\t\t<\/div>\n\t\t\t\t\t\t<\/div>\n\t\t\t\t<\/div>\n\t\t\t\t<div class=\"elementor-element elementor-element-b0f273d elementor-widget elementor-widget-text-editor\" data-id=\"b0f273d\" data-element_type=\"widget\" data-e-type=\"widget\" data-widget_type=\"text-editor.default\">\n\t\t\t\t<div class=\"elementor-widget-container\">\n\t\t\t\t\t\t\t\t\t<h3 style=\"text-align: left;\"><strong style=\"letter-spacing: 0.02px;\">&#8211;<\/strong><strong>&nbsp;Haiti &#8211; Economie: Un protocole d\u2019accord pour la relance de la production de citron, Afro Cr\u00e9ole, 30 mai 2016<\/strong><\/h3>\n<p style=\"margin-bottom: 30px;\">\u201cLe minist\u00e8re de l\u2019Agriculture, des Ressources naturelles et du D\u00e9veloppement rural (MARNDR) et la firme Agri-Supply ont paraph\u00e9 samedi 28 mai 2016 un protocole d\u2019accord en vue de relancer la production de citron dans le pays. L\u2019objectif est de redynamiser le secteur des huiles essentielles, notamment les produits tir\u00e9s de l\u2019exploitation des citons.\u201d<br><span style=\"color: #99cc00;\"><a style=\"color: #99cc00;\" href=\"http:\/\/www.afrocreole.com\/economie\/haiti-economie-protocole-daccord-relance-de-production-de-citron\/\" target=\"_blank\" rel=\"noopener\">Suite&gt;&gt;&gt;<\/a><\/span><\/p>\t\t\t\t\t\t\t\t<\/div>\n\t\t\t\t<\/div>\n\t\t\t\t<div class=\"elementor-element elementor-element-4fe3a80 elementor-widget-divider--view-line elementor-widget elementor-widget-divider\" data-id=\"4fe3a80\" data-element_type=\"widget\" data-e-type=\"widget\" data-widget_type=\"divider.default\">\n\t\t\t\t<div class=\"elementor-widget-container\">\n\t\t\t\t\t\t\t<div class=\"elementor-divider\">\n\t\t\t<span class=\"elementor-divider-separator\">\n\t\t\t\t\t\t<\/span>\n\t\t<\/div>\n\t\t\t\t\t\t<\/div>\n\t\t\t\t<\/div>\n\t\t\t\t<div class=\"elementor-element elementor-element-4539341 elementor-widget elementor-widget-text-editor\" data-id=\"4539341\" data-element_type=\"widget\" data-e-type=\"widget\" data-widget_type=\"text-editor.default\">\n\t\t\t\t<div class=\"elementor-widget-container\">\n\t\t\t\t\t\t\t\t\t<h3 style=\"text-align: left;\">&#8211;\u00a0<strong>Voices from the road: The greening of Haiti, The Sun Chronicle, May 2016\u00a0<\/strong><\/h3><p style=\"margin-bottom: 30px;\">\u201cMost of us know the saying, \u00ab\u00a0Give a man a fish and he will eat for a day; teach a man to fish and he will eat forever.\u00a0\u00bb More than 10 years ago, I heard Pastor Rick Warren state that this approach was not good enough any longer. He said, \u00ab\u00a0Today you have to teach the man how to sell the fish.\u00a0\u00bb<br \/><span style=\"color: #99cc00;\"><a style=\"color: #99cc00;\" href=\"http:\/\/www.thesunchronicle.com\/vip\/features\/stories\/voices-from-the-road-the-greening-of-haiti\/article_ce020bbc-f670-5b45-beca-7c967f50893f.html\" target=\"_blank\" rel=\"noopener\">Read more&gt;&gt;&gt;<\/a><\/span><\/p>\t\t\t\t\t\t\t\t<\/div>\n\t\t\t\t<\/div>\n\t\t\t\t<div class=\"elementor-element elementor-element-2ebbcd6 elementor-widget-divider--view-line elementor-widget elementor-widget-divider\" data-id=\"2ebbcd6\" data-element_type=\"widget\" data-e-type=\"widget\" data-widget_type=\"divider.default\">\n\t\t\t\t<div class=\"elementor-widget-container\">\n\t\t\t\t\t\t\t<div class=\"elementor-divider\">\n\t\t\t<span class=\"elementor-divider-separator\">\n\t\t\t\t\t\t<\/span>\n\t\t<\/div>\n\t\t\t\t\t\t<\/div>\n\t\t\t\t<\/div>\n\t\t\t\t<div class=\"elementor-element elementor-element-3bd7a43 elementor-widget elementor-widget-text-editor\" data-id=\"3bd7a43\" data-element_type=\"widget\" data-e-type=\"widget\" data-widget_type=\"text-editor.default\">\n\t\t\t\t<div class=\"elementor-widget-container\">\n\t\t\t\t\t\t\t\t\t<h3 style=\"text-align: left;\"><strong>&#8211; Ha\u00efti : Premier exportateur mondial de v\u00e9tiver, Challenges News, 18 septembre 2015<\/strong><\/h3><p style=\"margin-bottom: 30px; caret-color: #51575e; color: #51575e; font-family: Arial, Helvetica, sans-serif; font-size: 14px; letter-spacing: normal;\">\u201cAujourd\u2019hui le v\u00e9tiver rapporte \u00e0 Ha\u00efti 15,7 millions de dollars par an selon le minist\u00e8re du Commerce et de l\u2019Industrie. Ha\u00efti demeure en 2015 le premier exportateur mondial de v\u00e9tiver. Le v\u00e9tiver reste tenace sur le march\u00e9 international comme l\u2019une des plus importantes exportations ha\u00eftiennes. Comment am\u00e9liorer sa croissance?\u201d<br \/><span style=\"color: #99cc00;\"><a style=\"color: #99cc00;\" href=\"https:\/\/challengesnews.com\/haiti-premier-exportateur-mondial-de-vetiver\/\" target=\"_blank\" rel=\"noopener\">Suite&gt;&gt;&gt;<\/a><\/span><\/p>\t\t\t\t\t\t\t\t<\/div>\n\t\t\t\t<\/div>\n\t\t\t\t<div class=\"elementor-element elementor-element-46b2b8b elementor-widget elementor-widget-text-editor\" data-id=\"46b2b8b\" data-element_type=\"widget\" data-e-type=\"widget\" data-widget_type=\"text-editor.default\">\n\t\t\t\t<div class=\"elementor-widget-container\">\n\t\t\t\t\t\t\t\t\t<h3 style=\"text-align: left;\"><strong>&#8211; Ha\u00efti : Premier exportateur mondial de v\u00e9tiver, Challenges News, 18 septembre 2015<\/strong><\/h3><p style=\"margin-bottom: 30px; caret-color: #51575e; color: #51575e; font-family: Arial, Helvetica, sans-serif; font-size: 14px; letter-spacing: normal;\">\u201cAujourd\u2019hui le v\u00e9tiver rapporte \u00e0 Ha\u00efti 15,7 millions de dollars par an selon le minist\u00e8re du Commerce et de l\u2019Industrie. Ha\u00efti demeure en 2015 le premier exportateur mondial de v\u00e9tiver. Le v\u00e9tiver reste tenace sur le march\u00e9 international comme l\u2019une des plus importantes exportations ha\u00eftiennes. Comment am\u00e9liorer sa croissance?\u201d<br \/><span style=\"color: #99cc00;\"><a style=\"color: #99cc00;\" href=\"https:\/\/challengesnews.com\/haiti-premier-exportateur-mondial-de-vetiver\/\" target=\"_blank\" rel=\"noopener\">Suite&gt;&gt;&gt;<\/a><\/span><\/p>\t\t\t\t\t\t\t\t<\/div>\n\t\t\t\t<\/div>\n\t\t\t\t<div class=\"elementor-element elementor-element-ffd084c elementor-widget-divider--view-line elementor-widget elementor-widget-divider\" data-id=\"ffd084c\" data-element_type=\"widget\" data-e-type=\"widget\" data-widget_type=\"divider.default\">\n\t\t\t\t<div class=\"elementor-widget-container\">\n\t\t\t\t\t\t\t<div class=\"elementor-divider\">\n\t\t\t<span class=\"elementor-divider-separator\">\n\t\t\t\t\t\t<\/span>\n\t\t<\/div>\n\t\t\t\t\t\t<\/div>\n\t\t\t\t<\/div>\n\t\t\t\t<div class=\"elementor-element elementor-element-4d154d4 elementor-widget elementor-widget-text-editor\" data-id=\"4d154d4\" data-element_type=\"widget\" data-e-type=\"widget\" data-widget_type=\"text-editor.default\">\n\t\t\t\t<div class=\"elementor-widget-container\">\n\t\t\t\t\t\t\t\t\t<h3 style=\"text-align: left;\"><strong>&#8211; Vetiver in Haiti, IFRA, 2014<\/strong><\/h3><p style=\"margin-bottom: 30px;\">\u201cIn the remote Les Cayes Region of Haiti, a cooperative of vetiver farmers created by local partner, Agri-Supply, and global fragrance company, Givaudan, recently completed a road that connected the farmers\u2019 three villages. The impact was transformational.\u201d<br \/><span style=\"color: #99cc00;\"><a style=\"color: #99cc00;\" href=\"http:\/\/www.ifraorg.org\/en-us\/sustainability\/article\/49#.WAH245MrIxh\" target=\"_blank\" rel=\"noopener\">Read more&gt;&gt;&gt;<\/a><\/span><\/p>\t\t\t\t\t\t\t\t<\/div>\n\t\t\t\t<\/div>\n\t\t\t\t<div class=\"elementor-element elementor-element-eaf4748 elementor-widget-divider--view-line elementor-widget elementor-widget-divider\" data-id=\"eaf4748\" data-element_type=\"widget\" data-e-type=\"widget\" data-widget_type=\"divider.default\">\n\t\t\t\t<div class=\"elementor-widget-container\">\n\t\t\t\t\t\t\t<div class=\"elementor-divider\">\n\t\t\t<span class=\"elementor-divider-separator\">\n\t\t\t\t\t\t<\/span>\n\t\t<\/div>\n\t\t\t\t\t\t<\/div>\n\t\t\t\t<\/div>\n\t\t\t\t<div class=\"elementor-element elementor-element-6564337 elementor-widget elementor-widget-text-editor\" data-id=\"6564337\" data-element_type=\"widget\" data-e-type=\"widget\" data-widget_type=\"text-editor.default\">\n\t\t\t\t<div class=\"elementor-widget-container\">\n\t\t\t\t\t\t\t\t\t<h3 style=\"text-align: left;\"><strong style=\"letter-spacing: 0.02px; text-align: inherit;\">&#8211; Haiti commerce ministry dismayed by fire at essential oil factory, Haitian Truth, February 12, 2014<\/strong><\/h3><p style=\"margin-bottom: 30px;\">\u201cHaitian authorities are investigating a fire at a factory that produces essential oil for some of Europe\u2019s top fragrance houses. The fire occurred Tuesday morning and created \u201csignificant\u201d damage to part of Agri-Suppy Company S.A. in the city of Les Cayes in southwest Haiti.\u201d<br \/><span style=\"color: #99cc00;\"><a style=\"color: #99cc00;\" href=\"http:\/\/www.haitian-truth.org\/haiti-commerce-ministry-dismayed-by-fire-at-essential-oil-factory\/\" target=\"_blank\" rel=\"noopener\">Read more&gt;&gt;&gt;<\/a><\/span><\/p>\t\t\t\t\t\t\t\t<\/div>\n\t\t\t\t<\/div>\n\t\t\t\t<div class=\"elementor-element elementor-element-cd7a03e elementor-widget-divider--view-line elementor-widget elementor-widget-divider\" data-id=\"cd7a03e\" data-element_type=\"widget\" data-e-type=\"widget\" data-widget_type=\"divider.default\">\n\t\t\t\t<div class=\"elementor-widget-container\">\n\t\t\t\t\t\t\t<div class=\"elementor-divider\">\n\t\t\t<span class=\"elementor-divider-separator\">\n\t\t\t\t\t\t<\/span>\n\t\t<\/div>\n\t\t\t\t\t\t<\/div>\n\t\t\t\t<\/div>\n\t\t\t\t<div class=\"elementor-element elementor-element-40339fd elementor-widget elementor-widget-text-editor\" data-id=\"40339fd\" data-element_type=\"widget\" data-e-type=\"widget\" data-widget_type=\"text-editor.default\">\n\t\t\t\t<div class=\"elementor-widget-container\">\n\t\t\t\t\t\t\t\t\t<h3 style=\"text-align: left;\"><strong>&#8211; Haiti &#8211; Economy : Significant material damage to Frager plant, of vetiver oil extraction, Haiti Libre, 13 f\u00e9vrier 2014<\/strong><\/h3><p style=\"margin-bottom: 30px;\">\u00ab On Tuesday, the Ministry of Trade and Industry has learned with dismay the sinister that broke to the vetiver oil extraction plant of the Company Agri-Supply, better known under the name of Frager, in Les Cayes, in the heart of the main production region of vetiver, which stretches from Port-Salut to Aquin\u201d<br \/><span style=\"color: #99cc00;\"><a style=\"color: #99cc00;\" href=\"http:\/\/www.haitilibre.com\/en\/news-10517-haiti-economy-significant-material-damage-to-frager-plant-of-vetiver-oil-extraction.html\" target=\"_blank\" rel=\"noopener\">Read more&gt;&gt;&gt;<\/a><\/span><\/p>\t\t\t\t\t\t\t\t<\/div>\n\t\t\t\t<\/div>\n\t\t\t\t<div class=\"elementor-element elementor-element-cfafc0e elementor-widget-divider--view-line elementor-widget elementor-widget-divider\" data-id=\"cfafc0e\" data-element_type=\"widget\" data-e-type=\"widget\" data-widget_type=\"divider.default\">\n\t\t\t\t<div class=\"elementor-widget-container\">\n\t\t\t\t\t\t\t<div class=\"elementor-divider\">\n\t\t\t<span class=\"elementor-divider-separator\">\n\t\t\t\t\t\t<\/span>\n\t\t<\/div>\n\t\t\t\t\t\t<\/div>\n\t\t\t\t<\/div>\n\t\t\t\t<div class=\"elementor-element elementor-element-9b020b0 elementor-widget elementor-widget-text-editor\" data-id=\"9b020b0\" data-element_type=\"widget\" data-e-type=\"widget\" data-widget_type=\"text-editor.default\">\n\t\t\t\t<div class=\"elementor-widget-container\">\n\t\t\t\t\t\t\t\t\t<h3 style=\"text-align: left;\"><span style=\"letter-spacing: 0.02px; text-align: inherit;\">&#8211;\u00a0<\/span><strong style=\"letter-spacing: 0.02px; text-align: inherit;\">Une usine de v\u00e9tiver prend feu dans la ville des Cayes, Haiti Press Network, F\u00e9vrier 2014<\/strong><\/h3><p style=\"margin-bottom: 30px;\">\u201cUn incendie a \u00e9clat\u00e9, mardi, dans une usine de v\u00e9tiver dans la ville des Cayes causant des d\u00e9g\u00e2ts dans les \u00e9quipements et le stock de produit, mais aucune victime humaine n&rsquo;a \u00e9t\u00e9 r\u00e9pertori\u00e9e, a appris Haiti Press Network aupr\u00e8s du propri\u00e9taire de l&rsquo;usine.\u00a0\u00bbIl y a beaucoup de dommages dans l&rsquo;usine, mais heureusement nous n&rsquo;avons pas enregistr\u00e9 de pertes en vie humaine\u00a0\u00bb, a d\u00e9clar\u00e9 Pierre L\u00e9ger \u00e0 HPN.\u201d<br \/><span style=\"color: #99cc00;\"><a style=\"color: #99cc00;\" href=\"http:\/\/www.hpnhaiti.com\/site\/index.php?option=com_content&amp;view=article&amp;id=11711:haiti-incendieune-usine-de-vetiver-prend-feu-dans-la-ville-des-cayes&amp;catid=9:provinces&amp;Itemid=16\" target=\"_blank\" rel=\"noopener\">Suite&gt;&gt;&gt;<\/a><\/span><\/p>\t\t\t\t\t\t\t\t<\/div>\n\t\t\t\t<\/div>\n\t\t\t\t<div class=\"elementor-element elementor-element-afca613 elementor-widget-divider--view-line elementor-widget elementor-widget-divider\" data-id=\"afca613\" data-element_type=\"widget\" data-e-type=\"widget\" data-widget_type=\"divider.default\">\n\t\t\t\t<div class=\"elementor-widget-container\">\n\t\t\t\t\t\t\t<div class=\"elementor-divider\">\n\t\t\t<span class=\"elementor-divider-separator\">\n\t\t\t\t\t\t<\/span>\n\t\t<\/div>\n\t\t\t\t\t\t<\/div>\n\t\t\t\t<\/div>\n\t\t\t\t<div class=\"elementor-element elementor-element-3f7ad0d elementor-widget elementor-widget-text-editor\" data-id=\"3f7ad0d\" data-element_type=\"widget\" data-e-type=\"widget\" data-widget_type=\"text-editor.default\">\n\t\t\t\t<div class=\"elementor-widget-container\">\n\t\t\t\t\t\t\t\t\t<h3 style=\"text-align: left;\"><strong style=\"letter-spacing: 0.02px; text-align: inherit;\">&#8211; Gr\u00e2ce au v\u00e9tiver, Ha\u00efti parfume le monde, Le Nouvelliste, 4 avril 2014<\/strong><\/h3><p style=\"margin-bottom: 30px;\">\u00ab Place Vend\u00f4me \u00e0 Paris et ailleurs dans le monde, les grands parfumeurs offrent des fragrances exceptionnelles \u00e0 leurs clients. Dans beaucoup de flacons haut de gamme, Haiti est l\u00e0. De Cannes \u00e0 Hollywood, ce pays colle \u00e0 la peau de monsieur Tout-le-Monde, de la star, de l\u2019\u00e9g\u00e9rie de grande marque, gr\u00e2ce \u00e0 un fixateur : le v\u00e9tiver. \u00bb<br \/><span style=\"color: #99cc00;\"><a style=\"color: #99cc00;\" href=\"http:\/\/lenouvelliste.com\/lenouvelliste\/article\/129016\/grace-au-vetiver-haiti-parfume-le-monde.html\" target=\"_blank\" rel=\"noopener\">Suite&gt;&gt;&gt;<\/a><\/span><\/p>\t\t\t\t\t\t\t\t<\/div>\n\t\t\t\t<\/div>\n\t\t\t\t<div class=\"elementor-element elementor-element-518867d elementor-widget-divider--view-line elementor-widget elementor-widget-divider\" data-id=\"518867d\" data-element_type=\"widget\" data-e-type=\"widget\" data-widget_type=\"divider.default\">\n\t\t\t\t<div class=\"elementor-widget-container\">\n\t\t\t\t\t\t\t<div class=\"elementor-divider\">\n\t\t\t<span class=\"elementor-divider-separator\">\n\t\t\t\t\t\t<\/span>\n\t\t<\/div>\n\t\t\t\t\t\t<\/div>\n\t\t\t\t<\/div>\n\t\t\t\t<div class=\"elementor-element elementor-element-010cf23 elementor-widget elementor-widget-text-editor\" data-id=\"010cf23\" data-element_type=\"widget\" data-e-type=\"widget\" data-widget_type=\"text-editor.default\">\n\t\t\t\t<div class=\"elementor-widget-container\">\n\t\t\t\t\t\t\t\t\t<h3 style=\"text-align: left;\"><strong>&#8211; Haitian Using Grass to Make Luxury Perfume, CCTV America, April 26, 2014\u00a0<\/strong><\/h3><p style=\"margin-bottom: 30px;\">\u201cIt\u2019s a long way from this rugged hillside in southwestern Haiti, where barefoot farmers are hacking at tropical grasses, to the shelves of high-end stores where fragrances containing oil from the Haitian vetiver plant can sell for two-hundred dollars a bottle.\u201d<br \/><span style=\"color: #99cc00;\"><a style=\"color: #99cc00;\" href=\"http:\/\/www.cctv-america.com\/2014\/04\/26\/haitian-using-grass-to-make-luxury-perfume\" target=\"_blank\" rel=\"noopener\">Read more&gt;&gt;&gt;<\/a><\/span><\/p>\t\t\t\t\t\t\t\t<\/div>\n\t\t\t\t<\/div>\n\t\t\t\t<div class=\"elementor-element elementor-element-01ae8dd elementor-widget-divider--view-line elementor-widget elementor-widget-divider\" data-id=\"01ae8dd\" data-element_type=\"widget\" data-e-type=\"widget\" data-widget_type=\"divider.default\">\n\t\t\t\t<div class=\"elementor-widget-container\">\n\t\t\t\t\t\t\t<div class=\"elementor-divider\">\n\t\t\t<span class=\"elementor-divider-separator\">\n\t\t\t\t\t\t<\/span>\n\t\t<\/div>\n\t\t\t\t\t\t<\/div>\n\t\t\t\t<\/div>\n\t\t\t\t<div class=\"elementor-element elementor-element-2fb9ac7 elementor-widget elementor-widget-text-editor\" data-id=\"2fb9ac7\" data-element_type=\"widget\" data-e-type=\"widget\" data-widget_type=\"text-editor.default\">\n\t\t\t\t<div class=\"elementor-widget-container\">\n\t\t\t\t\t\t\t\t\t<h3 style=\"text-align: left;\"><span style=\"letter-spacing: 0.02px; text-align: inherit;\">&#8211;\u00a0<\/span><strong style=\"letter-spacing: 0.02px; text-align: inherit;\">Culture du v\u00e9tiver: Une plante haitienne qui sert \u00e0 cr\u00e9er des parfums de luxe, CCTV Francaise, 28 Avril 2014<\/strong><\/h3><p style=\"margin-bottom: 30px;\">\u00ab La racine d&rsquo;une plante grasse tropicale ram\u00e8ne l&rsquo;espoir aupr\u00e8s des agriculteurs ha\u00eftiens. Le v\u00e9tiver est en effet une plante contenant un ingr\u00e9dient utilis\u00e9 pour cr\u00e9er des parfums haut de gamme ainsi que des eaux de cologne.\u201d<br \/><span style=\"color: #99cc00;\"><a style=\"color: #99cc00;\" href=\"http:\/\/cctv.cntv.cn\/2014\/04\/28\/VIDE1398652321158724.shtml\" target=\"_blank\" rel=\"noopener\">Suite&gt;&gt;&gt;<\/a><\/span><\/p>\t\t\t\t\t\t\t\t<\/div>\n\t\t\t\t<\/div>\n\t\t\t\t<div class=\"elementor-element elementor-element-21f7178 elementor-widget-divider--view-line elementor-widget elementor-widget-divider\" data-id=\"21f7178\" data-element_type=\"widget\" data-e-type=\"widget\" data-widget_type=\"divider.default\">\n\t\t\t\t<div class=\"elementor-widget-container\">\n\t\t\t\t\t\t\t<div class=\"elementor-divider\">\n\t\t\t<span class=\"elementor-divider-separator\">\n\t\t\t\t\t\t<\/span>\n\t\t<\/div>\n\t\t\t\t\t\t<\/div>\n\t\t\t\t<\/div>\n\t\t\t\t<div class=\"elementor-element elementor-element-bba6dcb elementor-widget elementor-widget-text-editor\" data-id=\"bba6dcb\" data-element_type=\"widget\" data-e-type=\"widget\" data-widget_type=\"text-editor.default\">\n\t\t\t\t<div class=\"elementor-widget-container\">\n\t\t\t\t\t\t\t\t\t<h3 style=\"text-align: left;\"><strong>&#8211; La durabilit\u00e9 n\u2019est pas une activit\u00e9 caritative, BILAN, 2 septembre 2013<\/strong><\/h3><p style=\"margin-bottom: 30px;\">\u201cLe v\u00e9tiver est une mati\u00e8re premi\u00e8re importante en parfumerie. Il s\u2019agit d\u2019une racine qui pousse un peu partout et que nous distillons ensuite avec de la vapeur d\u2019eau. La meilleure qualit\u00e9 provient d\u2019Ha\u00efti.\u201d<br \/><span style=\"color: #99cc00;\"><a style=\"color: #99cc00;\" href=\"http:\/\/www.bilan.ch\/entreprises-les-plus-de-la-redaction\/la-durabilite-nest-pas-une-activite-caritative\" target=\"_blank\" rel=\"noopener\">Suite&gt;&gt;&gt;<\/a><\/span><\/p>\t\t\t\t\t\t\t\t<\/div>\n\t\t\t\t<\/div>\n\t\t\t\t<div class=\"elementor-element elementor-element-69eef8a elementor-widget-divider--view-line elementor-widget elementor-widget-divider\" data-id=\"69eef8a\" data-element_type=\"widget\" data-e-type=\"widget\" data-widget_type=\"divider.default\">\n\t\t\t\t<div class=\"elementor-widget-container\">\n\t\t\t\t\t\t\t<div class=\"elementor-divider\">\n\t\t\t<span class=\"elementor-divider-separator\">\n\t\t\t\t\t\t<\/span>\n\t\t<\/div>\n\t\t\t\t\t\t<\/div>\n\t\t\t\t<\/div>\n\t\t\t\t<div class=\"elementor-element elementor-element-d1dc562 elementor-widget elementor-widget-text-editor\" data-id=\"d1dc562\" data-element_type=\"widget\" data-e-type=\"widget\" data-widget_type=\"text-editor.default\">\n\t\t\t\t<div class=\"elementor-widget-container\">\n\t\t\t\t\t\t\t\t\t<h3 style=\"text-align: left;\"><strong>&#8211; Pierre L\u00e9ger : Haiti nage dans un oc\u00e9an de pauvret\u00e9 mentale, 22 f\u00e9vrier 2011<\/strong><\/h3><p style=\"margin-bottom: 30px; caret-color: #51575e; color: #51575e; font-family: Arial, Helvetica, sans-serif; font-size: 14px; letter-spacing: normal;\">\u201cCe n&rsquo;est pas Haiti qui est pauvre mais ce sont plutot les esprits qui sont pauvres.\u00a0\u00bb Il continue pour dire les gouvernes et certains dirigeants ne connaissent m\u00eame pas Haiti et quand il se promene lui m\u00eame \u00e0 travers les neufs d\u00e9partements du pays, il a pu d\u00e9couvrir plusieurs Haiti qu&rsquo;on ne connait m\u00eame pas sur le plan national ou international.\u201d<br \/><span style=\"color: #99cc00;\"><a style=\"color: #99cc00;\" href=\"http:\/\/www.prevalhaiti.com\/messages\/26791\" target=\"_blank\" rel=\"noopener\">Suite&gt;&gt;&gt;<\/a><\/span><\/p>\t\t\t\t\t\t\t\t<\/div>\n\t\t\t\t<\/div>\n\t\t\t\t<div class=\"elementor-element elementor-element-21c61b7 elementor-widget-divider--view-line elementor-widget elementor-widget-divider\" data-id=\"21c61b7\" data-element_type=\"widget\" data-e-type=\"widget\" data-widget_type=\"divider.default\">\n\t\t\t\t<div class=\"elementor-widget-container\">\n\t\t\t\t\t\t\t<div class=\"elementor-divider\">\n\t\t\t<span class=\"elementor-divider-separator\">\n\t\t\t\t\t\t<\/span>\n\t\t<\/div>\n\t\t\t\t\t\t<\/div>\n\t\t\t\t<\/div>\n\t\t\t\t<div class=\"elementor-element elementor-element-7cc086d elementor-widget elementor-widget-text-editor\" data-id=\"7cc086d\" data-element_type=\"widget\" data-e-type=\"widget\" data-widget_type=\"text-editor.default\">\n\t\t\t\t<div class=\"elementor-widget-container\">\n\t\t\t\t\t\t\t\t\t<h3 style=\"text-align: left;\"><strong style=\"letter-spacing: 0.02px; text-align: inherit;\">&#8211; Parfum de r\u00e9ussite, Magazine SPORE, Octobre 2007<\/strong><\/h3><p style=\"margin-bottom: 30px;\">\u00ab La r\u00e9putation de Pierre L\u00e9ger n&rsquo;est plus \u00e0 faire. Frager\/Agri Supply, son usine implant\u00e9e dans la Plaine des Cayes au sud d&rsquo;Ha\u00efti, approvisionne \u00e0 elle seule pr\u00e8s de 70 % du march\u00e9 mondial d&rsquo;huile essentielle de v\u00e9tiver. \u00ab\u00a0J&rsquo;en exporte plus de 80 t par an\u00a0\u00bb, se r\u00e9jouit cet agronome de 59 ans, en montrant des \u00e9chantillons expos\u00e9s dans un coin de son vaste bureau de Port-au-Prince. Devenir et rester le leader mondial du march\u00e9 du v\u00e9tiver n&rsquo;est pas une mince affaire, surtout dans un pays aussi turbulent qu&rsquo;Ha\u00efti. Le secret de Pierre L\u00e9ger tient en peu de mots : toujours fournir un travail de qualit\u00e9 \u00e0 ses clients, essentiellement les parfumeurs europ\u00e9ens, et tenir les d\u00e9lais de livraison.\u201d<br \/><span style=\"color: #99cc00;\"><a style=\"color: #99cc00;\" href=\"http:\/\/archive.spore.cta.int\/fr\/component\/content\/article\/article\/21-spore\/dossier\/21\/2053-alias-3-215?pics=yes\" target=\"_blank\" rel=\"noopener\">Suite&gt;&gt;&gt;<\/a><\/span><\/p>\t\t\t\t\t\t\t\t<\/div>\n\t\t\t\t<\/div>\n\t\t\t\t<div class=\"elementor-element elementor-element-35ecd08 elementor-widget-divider--view-line elementor-widget elementor-widget-divider\" data-id=\"35ecd08\" data-element_type=\"widget\" data-e-type=\"widget\" data-widget_type=\"divider.default\">\n\t\t\t\t<div class=\"elementor-widget-container\">\n\t\t\t\t\t\t\t<div class=\"elementor-divider\">\n\t\t\t<span class=\"elementor-divider-separator\">\n\t\t\t\t\t\t<\/span>\n\t\t<\/div>\n\t\t\t\t\t\t<\/div>\n\t\t\t\t<\/div>\n\t\t\t\t<div class=\"elementor-element elementor-element-4bd311e elementor-widget elementor-widget-text-editor\" data-id=\"4bd311e\" data-element_type=\"widget\" data-e-type=\"widget\" data-widget_type=\"text-editor.default\">\n\t\t\t\t<div class=\"elementor-widget-container\">\n\t\t\t\t\t\t\t\t\t<h3 style=\"text-align: left;\"><strong style=\"letter-spacing: 0.02px; text-align: inherit;\">&#8211; Frager, Ha\u00efti: raccourcir la cha\u00eene et devenir num\u00e9ro un, Forum du commerce international, mars 2001<\/strong><\/h3><p style=\"margin-bottom: 30px;\">\u201cFrager est une fabrique d&rsquo;essence de v\u00e9tiver, ingr\u00e9dient utilis\u00e9 en parfumerie et pour l&rsquo;industrie des fragrances. En dix ans, elle a augment\u00e9 sa production de 20 \u00e0 60 tonnes par ann\u00e9e, devenant ainsi premier producteur mondial. En vendant le v\u00e9tiver US$ 69 le kilo, Frager obtient le chiffre d&rsquo;affaires coquet de US$ 4 millions. Elle emploie 27 000 familles comme agriculteurs sous contrat.\u201d<br \/><span style=\"color: #99cc00;\"><a style=\"color: #99cc00;\" href=\"http:\/\/www.forumducommerce.org\/Frager-Ha%C3%AFti-raccourcir-la-cha%C3%AEne-et-devenir-num%C3%A9ro-un\/\" target=\"_blank\" rel=\"noopener\">Suite&gt;&gt;&gt;<\/a><\/span><\/p>\t\t\t\t\t\t\t\t<\/div>\n\t\t\t\t<\/div>\n\t\t\t\t<div class=\"elementor-element elementor-element-7a85120 elementor-widget-divider--view-line elementor-widget elementor-widget-divider\" data-id=\"7a85120\" data-element_type=\"widget\" data-e-type=\"widget\" data-widget_type=\"divider.default\">\n\t\t\t\t<div class=\"elementor-widget-container\">\n\t\t\t\t\t\t\t<div class=\"elementor-divider\">\n\t\t\t<span class=\"elementor-divider-separator\">\n\t\t\t\t\t\t<\/span>\n\t\t<\/div>\n\t\t\t\t\t\t<\/div>\n\t\t\t\t<\/div>\n\t\t\t\t<div class=\"elementor-element elementor-element-84568a1 elementor-widget elementor-widget-text-editor\" data-id=\"84568a1\" data-element_type=\"widget\" data-e-type=\"widget\" data-widget_type=\"text-editor.default\">\n\t\t\t\t<div class=\"elementor-widget-container\">\n\t\t\t\t\t\t\t\t\t<h3><strong style=\"letter-spacing: 0.02px; text-align: inherit;\">&#8211; Notre partenaire: Agri-Supply\/Frager Haiti<\/strong><\/h3><p>\u00ab Ha\u00efti est le premier producteur mondial d&rsquo;huile essentielle de v\u00e9tiver, pour la parfumerie et l\u2019aromath\u00e9rapie. Avec 38 alambics et 5 chaudi\u00e8res, Agri Supply-Frager fournit en moyenne 35 tonnes d&rsquo;essence par an, soit environ 60 % de la production ha\u00eftienne. Une partie de la production d&rsquo;huile essentielle de V\u00e9tiver, 8 tonnes environ, est biologique et attest\u00e9e ESR (Equitable, Solidaire, Responsable) par Ecocert.\u201d<br \/><span style=\"color: #99cc00;\"><a style=\"color: #99cc00;\" href=\"http:\/\/www.astierdemarest.com\/nos-partenaires-3.php\" target=\"_blank\" rel=\"noopener\">Suite&gt;&gt;&gt;<\/a><\/span><\/p>\t\t\t\t\t\t\t\t<\/div>\n\t\t\t\t<\/div>\n\t\t\t\t<div class=\"elementor-element elementor-element-fa9af79 elementor-widget elementor-widget-spacer\" data-id=\"fa9af79\" data-element_type=\"widget\" data-e-type=\"widget\" data-widget_type=\"spacer.default\">\n\t\t\t\t<div class=\"elementor-widget-container\">\n\t\t\t\t\t\t\t<div class=\"elementor-spacer\">\n\t\t\t<div class=\"elementor-spacer-inner\"><\/div>\n\t\t<\/div>\n\t\t\t\t\t\t<\/div>\n\t\t\t\t<\/div>\n\t\t\t\t\t<\/div>\n\t\t<\/div>\n\t\t\t\t\t<\/div>\n\t\t<\/section>\n\t\t\t\t<\/div>\n\t\t","protected":false},"excerpt":{"rendered":"<p>ACTUALIT\u00c9S &#8211; In storm-battered Haiti, the tension is rising, The Charlotte Observer, October 9, 2016\u00a0 \u201cWhat I see in Les Cayes makes me afraid,\u201d said Pierre Leger, an industrialist whose vetiver processing factory \u2014 vetiver is the plant, growing in abudance in the region, that provides the woodsy fragrance in men\u2019s colognes \u2014 is a [&hellip;]<\/p>\n","protected":false},"author":1,"featured_media":0,"parent":0,"menu_order":0,"comment_status":"closed","ping_status":"closed","template":"elementor_header_footer","meta":{"footnotes":""},"class_list":["post-4219","page","type-page","status-publish","hentry","no-thumb"],"_links":{"self":[{"href":"https:\/\/frageroils.com\/fr\/wp-json\/wp\/v2\/pages\/4219","targetHints":{"allow":["GET"]}}],"collection":[{"href":"https:\/\/frageroils.com\/fr\/wp-json\/wp\/v2\/pages"}],"about":[{"href":"https:\/\/frageroils.com\/fr\/wp-json\/wp\/v2\/types\/page"}],"author":[{"embeddable":true,"href":"https:\/\/frageroils.com\/fr\/wp-json\/wp\/v2\/users\/1"}],"replies":[{"embeddable":true,"href":"https:\/\/frageroils.com\/fr\/wp-json\/wp\/v2\/comments?post=4219"}],"version-history":[{"count":17,"href":"https:\/\/frageroils.com\/fr\/wp-json\/wp\/v2\/pages\/4219\/revisions"}],"predecessor-version":[{"id":4683,"href":"https:\/\/frageroils.com\/fr\/wp-json\/wp\/v2\/pages\/4219\/revisions\/4683"}],"wp:attachment":[{"href":"https:\/\/frageroils.com\/fr\/wp-json\/wp\/v2\/media?parent=4219"}],"curies":[{"name":"wp","href":"https:\/\/api.w.org\/{rel}","templated":true}]}}